{"id":595,"date":"2021-11-20T15:26:33","date_gmt":"2021-11-20T18:26:33","guid":{"rendered":"https:\/\/abpa.annaerbetta.com\/?page_id=595"},"modified":"2022-06-27T12:47:11","modified_gmt":"2022-06-27T15:47:11","slug":"noticias","status":"publish","type":"page","link":"https:\/\/abpa.annaerbetta.com\/index.php\/noticias\/","title":{"rendered":"Not\u00edcias"},"content":{"rendered":"\t\t<div data-elementor-type=\"wp-page\" data-elementor-id=\"595\" class=\"elementor elementor-595\">\n\t\t\t\t\t\t\t\t\t<section class=\"elementor-section elementor-top-section elementor-element elementor-element-252b1b1b elementor-section-full_width elementor-reverse-mobile elementor-section-height-default elementor-section-height-default\" data-id=\"252b1b1b\" data-element_type=\"section\">\n\t\t\t\t\t\t<div class=\"elementor-container elementor-column-gap-default\">\n\t\t\t\t\t<div class=\"elementor-column elementor-col-33 elementor-top-column elementor-element elementor-element-7586b1\" data-id=\"7586b1\" data-element_type=\"column\">\n\t\t\t<div class=\"elementor-widget-wrap elementor-element-populated\">\n\t\t\t\t\t\t\t\t<div class=\"elementor-element elementor-element-a2a7c92 elementor-widget elementor-widget-template\" data-id=\"a2a7c92\" data-element_type=\"widget\" data-settings=\"{&quot;sticky&quot;:&quot;top&quot;,&quot;sticky_on&quot;:[&quot;desktop&quot;,&quot;tablet&quot;],&quot;sticky_offset&quot;:125,&quot;sticky_parent&quot;:&quot;yes&quot;,&quot;sticky_effects_offset&quot;:0}\" data-widget_type=\"template.default\">\n\t\t\t\t<div class=\"elementor-widget-container\">\n\t\t\t\t\t<div class=\"elementor-template\">\n\t\t\t\t\t<div data-elementor-type=\"section\" data-elementor-id=\"721\" class=\"elementor elementor-721\">\n\t\t<div class=\"elementor-section-wrap\">\n\t\t\t\t\t<section class=\"elementor-section elementor-top-section elementor-element elementor-element-0d7c0f6 elementor-section-boxed elementor-section-height-default elementor-section-height-default\" data-id=\"0d7c0f6\" data-element_type=\"section\">\n\t\t\t\t\t\t<div class=\"elementor-container elementor-column-gap-default\">\n\t\t\t\t\t<div class=\"elementor-column elementor-col-100 elementor-top-column elementor-element elementor-element-e900fbc\" data-id=\"e900fbc\" data-element_type=\"column\">\n\t\t\t<div class=\"elementor-widget-wrap elementor-element-populated\">\n\t\t\t\t\t\t\t\t<div class=\"elementor-element elementor-element-790511d elementor-search-form--skin-classic elementor-search-form--button-type-icon elementor-search-form--icon-search elementor-widget elementor-widget-search-form\" data-id=\"790511d\" data-element_type=\"widget\" data-settings=\"{&quot;skin&quot;:&quot;classic&quot;}\" data-widget_type=\"search-form.default\">\n\t\t\t\t<div class=\"elementor-widget-container\">\n\t\t\t\t\t<form class=\"elementor-search-form\" role=\"search\" action=\"https:\/\/abpa.annaerbetta.com\" method=\"get\">\n\t\t\t\t\t\t\t\t\t<div class=\"elementor-search-form__container\">\n\t\t\t\t\t\t\t\t<input placeholder=\"Buscar\" class=\"elementor-search-form__input\" type=\"search\" name=\"s\" title=\"Search\" value=\"\">\n\t\t\t\t\t\t\t\t\t\t\t\t\t<button class=\"elementor-search-form__submit\" type=\"submit\" title=\"Search\" aria-label=\"Search\">\n\t\t\t\t\t\t\t\t\t\t\t\t\t<i aria-hidden=\"true\" class=\"fas fa-search\"><\/i>\t\t\t\t\t\t\t<span class=\"elementor-screen-only\">Search<\/span>\n\t\t\t\t\t\t\t\t\t\t\t<\/button>\n\t\t\t\t\t\t\t\t\t\t\t<\/div>\n\t\t<\/form>\n\t\t\t\t<\/div>\n\t\t\t\t<\/div>\n\t\t\t\t<div class=\"elementor-element elementor-element-bad84fc elementor-widget elementor-widget-wp-widget-categories\" data-id=\"bad84fc\" data-element_type=\"widget\" data-widget_type=\"wp-widget-categories.default\">\n\t\t\t\t<div class=\"elementor-widget-container\">\n\t\t\t<h5>Categorias<\/h5>\n\t\t\t<ul>\n\t\t\t\t\t<li class=\"cat-item cat-item-54\"><a href=\"https:\/\/abpa.annaerbetta.com\/index.php\/category\/abpa\/\">ABPA<\/a>\n<\/li>\n\t<li class=\"cat-item cat-item-56\"><a href=\"https:\/\/abpa.annaerbetta.com\/index.php\/category\/conferencias\/\">Confer\u00eancias<\/a>\n<\/li>\n\t<li class=\"cat-item cat-item-18\"><a href=\"https:\/\/abpa.annaerbetta.com\/index.php\/category\/em-destaque\/\">Em Destaque<\/a>\n<\/li>\n\t<li class=\"cat-item cat-item-55\"><a href=\"https:\/\/abpa.annaerbetta.com\/index.php\/category\/eventos\/\">Eventos<\/a>\n<\/li>\n\t\t\t<\/ul>\n\n\t\t\t\t\t<\/div>\n\t\t\t\t<\/div>\n\t\t\t\t<div class=\"elementor-element elementor-element-e6a87c1 elementor-widget elementor-widget-wp-widget-archives\" data-id=\"e6a87c1\" data-element_type=\"widget\" data-widget_type=\"wp-widget-archives.default\">\n\t\t\t\t<div class=\"elementor-widget-container\">\n\t\t\t<h5>Arquivos<\/h5>\n\t\t\t<ul>\n\t\t\t\t\t<li><a href='https:\/\/abpa.annaerbetta.com\/index.php\/2022\/08\/'>agosto 2022<\/a><\/li>\n\t<li><a href='https:\/\/abpa.annaerbetta.com\/index.php\/2022\/06\/'>junho 2022<\/a><\/li>\n\t\t\t<\/ul>\n\n\t\t\t\t\t<\/div>\n\t\t\t\t<\/div>\n\t\t\t\t\t<\/div>\n\t\t<\/div>\n\t\t\t\t\t\t\t<\/div>\n\t\t<\/section>\n\t\t\t\t<\/div>\n\t\t<\/div>\n\t\t\t\t<\/div>\n\t\t\t\t<\/div>\n\t\t\t\t<\/div>\n\t\t\t\t\t<\/div>\n\t\t<\/div>\n\t\t\t\t<div class=\"elementor-column elementor-col-66 elementor-top-column elementor-element elementor-element-721220d6\" data-id=\"721220d6\" data-element_type=\"column\">\n\t\t\t<div class=\"elementor-widget-wrap elementor-element-populated\">\n\t\t\t\t\t\t\t\t<section class=\"elementor-section elementor-inner-section elementor-element elementor-element-589b5d99 elementor-section-full_width elementor-section-height-default elementor-section-height-default\" data-id=\"589b5d99\" data-element_type=\"section\">\n\t\t\t\t\t\t<div class=\"elementor-container elementor-column-gap-default\">\n\t\t\t\t\t<div class=\"elementor-column elementor-col-66 elementor-inner-column elementor-element elementor-element-78b73576\" data-id=\"78b73576\" data-element_type=\"column\">\n\t\t\t<div class=\"elementor-widget-wrap elementor-element-populated\">\n\t\t\t\t\t\t\t\t<div class=\"elementor-element elementor-element-a323473 elementor-grid-1 elementor-grid-tablet-1 destaque-post elementor-grid-mobile-1 elementor-posts--thumbnail-top elementor-posts__hover-gradient elementor-widget elementor-widget-posts\" data-id=\"a323473\" data-element_type=\"widget\" data-settings=\"{&quot;cards_columns&quot;:&quot;1&quot;,&quot;cards_columns_tablet&quot;:&quot;1&quot;,&quot;sticky&quot;:&quot;top&quot;,&quot;sticky_offset&quot;:50,&quot;sticky_parent&quot;:&quot;yes&quot;,&quot;cards_columns_mobile&quot;:&quot;1&quot;,&quot;cards_row_gap&quot;:{&quot;unit&quot;:&quot;px&quot;,&quot;size&quot;:35,&quot;sizes&quot;:[]},&quot;cards_row_gap_tablet&quot;:{&quot;unit&quot;:&quot;px&quot;,&quot;size&quot;:&quot;&quot;,&quot;sizes&quot;:[]},&quot;cards_row_gap_mobile&quot;:{&quot;unit&quot;:&quot;px&quot;,&quot;size&quot;:&quot;&quot;,&quot;sizes&quot;:[]},&quot;sticky_on&quot;:[&quot;desktop&quot;,&quot;tablet&quot;,&quot;mobile&quot;],&quot;sticky_effects_offset&quot;:0}\" data-widget_type=\"posts.cards\">\n\t\t\t\t<div class=\"elementor-widget-container\">\n\t\t\t<link rel=\"stylesheet\" href=\"https:\/\/abpa.annaerbetta.com\/wp-content\/plugins\/elementor-pro\/assets\/css\/widget-posts.min.css\">\t\t<div class=\"elementor-posts-container elementor-posts elementor-posts--skin-cards elementor-grid\">\n\t\t\t\t<article class=\"elementor-post elementor-grid-item post-2803 post type-post status-publish format-standard has-post-thumbnail hentry category-abpa category-em-destaque tag-audiovisual tag-cinema tag-cinemanacional tag-preservacaoaudiovisual\">\n\t\t\t<div class=\"elementor-post__card\">\n\t\t\t\t<a class=\"elementor-post__thumbnail__link\" href=\"https:\/\/abpa.annaerbetta.com\/index.php\/2022\/08\/30\/campanha-de-anuidade-abpa-2022-2\/\" ><div class=\"elementor-post__thumbnail\"><img loading=\"lazy\" decoding=\"async\" width=\"300\" height=\"145\" src=\"https:\/\/abpa.annaerbetta.com\/wp-content\/uploads\/2022\/06\/Campanha-de-anuidade-ABPA-2022-1-1-300x145.jpeg\" class=\"attachment-medium size-medium\" alt=\"\" srcset=\"https:\/\/abpa.annaerbetta.com\/wp-content\/uploads\/2022\/06\/Campanha-de-anuidade-ABPA-2022-1-1-300x145.jpeg 300w, https:\/\/abpa.annaerbetta.com\/wp-content\/uploads\/2022\/06\/Campanha-de-anuidade-ABPA-2022-1-1-1024x495.jpeg 1024w, https:\/\/abpa.annaerbetta.com\/wp-content\/uploads\/2022\/06\/Campanha-de-anuidade-ABPA-2022-1-1-768x371.jpeg 768w, https:\/\/abpa.annaerbetta.com\/wp-content\/uploads\/2022\/06\/Campanha-de-anuidade-ABPA-2022-1-1.jpeg 1073w\" sizes=\"auto, (max-width: 300px) 100vw, 300px\" \/><\/div><\/a>\n\t\t\t\t<div class=\"elementor-post__badge\">ABPA<\/div>\n\t\t\t\t<div class=\"elementor-post__text\">\n\t\t\t\t<h3 class=\"elementor-post__title\">\n\t\t\t<a href=\"https:\/\/abpa.annaerbetta.com\/index.php\/2022\/08\/30\/campanha-de-anuidade-abpa-2022-2\/\" >\n\t\t\t\tCampanha de anuidade ABPA 2022\t\t\t<\/a>\n\t\t<\/h3>\n\t\t\t\t<div class=\"elementor-post__excerpt\">\n\t\t\t<p>Est\u00e1 aberta nossa campanha de anuidade 2022! Convidamos os interessados e aos nossos membros  associados a renovarem o v\u00ednculo. Convidamos a todos a se juntarem a n\u00f3s nessa jornada pela preserva\u00e7\u00e3o audiovisual no Brasil!<\/p>\n\t\t<\/div>\n\t\t\t\t\t<a class=\"elementor-post__read-more\" href=\"https:\/\/abpa.annaerbetta.com\/index.php\/2022\/08\/30\/campanha-de-anuidade-abpa-2022-2\/\" >\n\t\t\t\tLer mais\t\t\t<\/a>\n\t\t\t\t<\/div>\n\t\t\t\t<div class=\"elementor-post__meta-data\">\n\t\t\t\t\t<span class=\"elementor-post-date\">\n\t\t\t08\/30\/2022\t\t<\/span>\n\t\t\t\t<span class=\"elementor-post-avatar\">\n\t\t\tNenhum coment\u00e1rio\t\t<\/span>\n\t\t\t\t<\/div>\n\t\t\t\t\t<\/div>\n\t\t<\/article>\n\t\t\t\t<\/div>\n\n\n\t\t\n\t\t\t\t<\/div>\n\t\t\t\t<\/div>\n\t\t\t\t\t<\/div>\n\t\t<\/div>\n\t\t\t\t<div class=\"elementor-column elementor-col-33 elementor-inner-column elementor-element elementor-element-3ce184ee\" data-id=\"3ce184ee\" data-element_type=\"column\">\n\t\t\t<div class=\"elementor-widget-wrap elementor-element-populated\">\n\t\t\t\t\t\t\t\t<div class=\"elementor-element elementor-element-410808a8 elementor-grid-1 elementor-grid-tablet-2 elementor-grid-mobile-1 elementor-posts--thumbnail-top elementor-posts__hover-gradient elementor-widget elementor-widget-posts\" data-id=\"410808a8\" data-element_type=\"widget\" data-settings=\"{&quot;cards_columns&quot;:&quot;1&quot;,&quot;cards_columns_tablet&quot;:&quot;2&quot;,&quot;cards_columns_mobile&quot;:&quot;1&quot;,&quot;cards_row_gap&quot;:{&quot;unit&quot;:&quot;px&quot;,&quot;size&quot;:35,&quot;sizes&quot;:[]},&quot;cards_row_gap_tablet&quot;:{&quot;unit&quot;:&quot;px&quot;,&quot;size&quot;:&quot;&quot;,&quot;sizes&quot;:[]},&quot;cards_row_gap_mobile&quot;:{&quot;unit&quot;:&quot;px&quot;,&quot;size&quot;:&quot;&quot;,&quot;sizes&quot;:[]}}\" data-widget_type=\"posts.cards\">\n\t\t\t\t<div class=\"elementor-widget-container\">\n\t\t\t\t\t<div class=\"elementor-posts-container elementor-posts elementor-posts--skin-cards elementor-grid\">\n\t\t\t\t<article class=\"elementor-post elementor-grid-item post-2801 post type-post status-publish format-standard has-post-thumbnail hentry category-conferencias\">\n\t\t\t<div class=\"elementor-post__card\">\n\t\t\t\t<a class=\"elementor-post__thumbnail__link\" href=\"https:\/\/abpa.annaerbetta.com\/index.php\/2022\/08\/30\/conferencia-do-eye-filmmuseum-2\/\" ><div class=\"elementor-post__thumbnail\"><img loading=\"lazy\" decoding=\"async\" width=\"300\" height=\"167\" src=\"https:\/\/abpa.annaerbetta.com\/wp-content\/uploads\/2022\/06\/Confere\u0302ncia-do-Eye-Filmmuseum-1-1-300x167.jpeg\" class=\"attachment-medium size-medium\" alt=\"\" srcset=\"https:\/\/abpa.annaerbetta.com\/wp-content\/uploads\/2022\/06\/Confere\u0302ncia-do-Eye-Filmmuseum-1-1-300x167.jpeg 300w, https:\/\/abpa.annaerbetta.com\/wp-content\/uploads\/2022\/06\/Confere\u0302ncia-do-Eye-Filmmuseum-1-1-1024x568.jpeg 1024w, https:\/\/abpa.annaerbetta.com\/wp-content\/uploads\/2022\/06\/Confere\u0302ncia-do-Eye-Filmmuseum-1-1-768x426.jpeg 768w, https:\/\/abpa.annaerbetta.com\/wp-content\/uploads\/2022\/06\/Confere\u0302ncia-do-Eye-Filmmuseum-1-1.jpeg 1072w\" sizes=\"auto, (max-width: 300px) 100vw, 300px\" \/><\/div><\/a>\n\t\t\t\t<div class=\"elementor-post__badge\">Confer\u00eancias<\/div>\n\t\t\t\t<div class=\"elementor-post__text\">\n\t\t\t\t<h3 class=\"elementor-post__title\">\n\t\t\t<a href=\"https:\/\/abpa.annaerbetta.com\/index.php\/2022\/08\/30\/conferencia-do-eye-filmmuseum-2\/\" >\n\t\t\t\tConfer\u00eancia do Eye Filmmuseum\t\t\t<\/a>\n\t\t<\/h3>\n\t\t\t\t\t<a class=\"elementor-post__read-more\" href=\"https:\/\/abpa.annaerbetta.com\/index.php\/2022\/08\/30\/conferencia-do-eye-filmmuseum-2\/\" >\n\t\t\t\tLer mais\t\t\t<\/a>\n\t\t\t\t<\/div>\n\t\t\t\t<div class=\"elementor-post__meta-data\">\n\t\t\t\t\t<span class=\"elementor-post-date\">\n\t\t\t08\/30\/2022\t\t<\/span>\n\t\t\t\t<span class=\"elementor-post-avatar\">\n\t\t\tNenhum coment\u00e1rio\t\t<\/span>\n\t\t\t\t<\/div>\n\t\t\t\t\t<\/div>\n\t\t<\/article>\n\t\t\t\t<article class=\"elementor-post elementor-grid-item post-2799 post type-post status-publish format-standard has-post-thumbnail hentry category-eventos\">\n\t\t\t<div class=\"elementor-post__card\">\n\t\t\t\t<a class=\"elementor-post__thumbnail__link\" href=\"https:\/\/abpa.annaerbetta.com\/index.php\/2022\/08\/30\/brazilian-cinema-night-2\/\" ><div class=\"elementor-post__thumbnail\"><img loading=\"lazy\" decoding=\"async\" width=\"300\" height=\"163\" src=\"https:\/\/abpa.annaerbetta.com\/wp-content\/uploads\/2022\/06\/Brazilian-Cinema-Night-1-1-300x163.jpeg\" class=\"attachment-medium size-medium\" alt=\"\" srcset=\"https:\/\/abpa.annaerbetta.com\/wp-content\/uploads\/2022\/06\/Brazilian-Cinema-Night-1-1-300x163.jpeg 300w, https:\/\/abpa.annaerbetta.com\/wp-content\/uploads\/2022\/06\/Brazilian-Cinema-Night-1-1-1024x558.jpeg 1024w, https:\/\/abpa.annaerbetta.com\/wp-content\/uploads\/2022\/06\/Brazilian-Cinema-Night-1-1-768x418.jpeg 768w, https:\/\/abpa.annaerbetta.com\/wp-content\/uploads\/2022\/06\/Brazilian-Cinema-Night-1-1.jpeg 1072w\" sizes=\"auto, (max-width: 300px) 100vw, 300px\" \/><\/div><\/a>\n\t\t\t\t<div class=\"elementor-post__badge\">Eventos<\/div>\n\t\t\t\t<div class=\"elementor-post__text\">\n\t\t\t\t<h3 class=\"elementor-post__title\">\n\t\t\t<a href=\"https:\/\/abpa.annaerbetta.com\/index.php\/2022\/08\/30\/brazilian-cinema-night-2\/\" >\n\t\t\t\tBrazilian Cinema Night\t\t\t<\/a>\n\t\t<\/h3>\n\t\t\t\t\t<a class=\"elementor-post__read-more\" href=\"https:\/\/abpa.annaerbetta.com\/index.php\/2022\/08\/30\/brazilian-cinema-night-2\/\" >\n\t\t\t\tLer mais\t\t\t<\/a>\n\t\t\t\t<\/div>\n\t\t\t\t<div class=\"elementor-post__meta-data\">\n\t\t\t\t\t<span class=\"elementor-post-date\">\n\t\t\t08\/30\/2022\t\t<\/span>\n\t\t\t\t<span class=\"elementor-post-avatar\">\n\t\t\tNenhum coment\u00e1rio\t\t<\/span>\n\t\t\t\t<\/div>\n\t\t\t\t\t<\/div>\n\t\t<\/article>\n\t\t\t\t<\/div>\n\n\n\t\t\n\t\t\t\t<\/div>\n\t\t\t\t<\/div>\n\t\t\t\t\t<\/div>\n\t\t<\/div>\n\t\t\t\t\t\t\t<\/div>\n\t\t<\/section>\n\t\t\t\t<div class=\"elementor-element elementor-element-70abc4bb elementor-grid-1 elementor-posts--align-left horizontal-cards elementor-grid-tablet-1 elementor-grid-mobile-1 elementor-posts--thumbnail-top elementor-posts__hover-gradient elementor-widget elementor-widget-posts\" data-id=\"70abc4bb\" data-element_type=\"widget\" data-settings=\"{&quot;cards_columns&quot;:&quot;1&quot;,&quot;cards_columns_tablet&quot;:&quot;1&quot;,&quot;cards_columns_mobile&quot;:&quot;1&quot;,&quot;cards_row_gap&quot;:{&quot;unit&quot;:&quot;px&quot;,&quot;size&quot;:35,&quot;sizes&quot;:[]},&quot;cards_row_gap_tablet&quot;:{&quot;unit&quot;:&quot;px&quot;,&quot;size&quot;:&quot;&quot;,&quot;sizes&quot;:[]},&quot;cards_row_gap_mobile&quot;:{&quot;unit&quot;:&quot;px&quot;,&quot;size&quot;:&quot;&quot;,&quot;sizes&quot;:[]}}\" data-widget_type=\"posts.cards\">\n\t\t\t\t<div class=\"elementor-widget-container\">\n\t\t\t\t\t<div class=\"elementor-posts-container elementor-posts elementor-posts--skin-cards elementor-grid\">\n\t\t\t\t<article class=\"elementor-post elementor-grid-item post-2799 post type-post status-publish format-standard has-post-thumbnail hentry category-eventos\">\n\t\t\t<div class=\"elementor-post__card\">\n\t\t\t\t<a class=\"elementor-post__thumbnail__link\" href=\"https:\/\/abpa.annaerbetta.com\/index.php\/2022\/08\/30\/brazilian-cinema-night-2\/\" ><div class=\"elementor-post__thumbnail\"><img loading=\"lazy\" decoding=\"async\" width=\"300\" height=\"163\" src=\"https:\/\/abpa.annaerbetta.com\/wp-content\/uploads\/2022\/06\/Brazilian-Cinema-Night-1-1-300x163.jpeg\" class=\"attachment-medium size-medium\" alt=\"\" srcset=\"https:\/\/abpa.annaerbetta.com\/wp-content\/uploads\/2022\/06\/Brazilian-Cinema-Night-1-1-300x163.jpeg 300w, https:\/\/abpa.annaerbetta.com\/wp-content\/uploads\/2022\/06\/Brazilian-Cinema-Night-1-1-1024x558.jpeg 1024w, https:\/\/abpa.annaerbetta.com\/wp-content\/uploads\/2022\/06\/Brazilian-Cinema-Night-1-1-768x418.jpeg 768w, https:\/\/abpa.annaerbetta.com\/wp-content\/uploads\/2022\/06\/Brazilian-Cinema-Night-1-1.jpeg 1072w\" sizes=\"auto, (max-width: 300px) 100vw, 300px\" \/><\/div><\/a>\n\t\t\t\t<div class=\"elementor-post__badge\">Eventos<\/div>\n\t\t\t\t<div class=\"elementor-post__text\">\n\t\t\t\t<h3 class=\"elementor-post__title\">\n\t\t\t<a href=\"https:\/\/abpa.annaerbetta.com\/index.php\/2022\/08\/30\/brazilian-cinema-night-2\/\" >\n\t\t\t\tBrazilian Cinema Night\t\t\t<\/a>\n\t\t<\/h3>\n\t\t\t\t<div class=\"elementor-post__excerpt\">\n\t\t\t<p>Foi realizada no dia 1 de junho, \u00e0s 20h, em Amsterd\u00e3, o evento Brazilian Cinema Night, uma programa\u00e7\u00e3o de curtas brasileiros com curadoria de D\u00e9bora Butruce e Lila Foster, a fim de celebrar o patrim\u00f4nio audiovisual brasileiro. <\/p>\n\t\t<\/div>\n\t\t\t\t\t<a class=\"elementor-post__read-more\" href=\"https:\/\/abpa.annaerbetta.com\/index.php\/2022\/08\/30\/brazilian-cinema-night-2\/\" >\n\t\t\t\tLer mais\t\t\t<\/a>\n\t\t\t\t<\/div>\n\t\t\t\t<div class=\"elementor-post__meta-data\">\n\t\t\t\t\t<span class=\"elementor-post-date\">\n\t\t\t08\/30\/2022\t\t<\/span>\n\t\t\t\t<span class=\"elementor-post-avatar\">\n\t\t\tNenhum coment\u00e1rio\t\t<\/span>\n\t\t\t\t<\/div>\n\t\t\t\t\t<\/div>\n\t\t<\/article>\n\t\t\t\t<article class=\"elementor-post elementor-grid-item post-2451 post type-post status-publish format-standard has-post-thumbnail hentry category-abpa category-em-destaque tag-audiovisual tag-cinema tag-cinemanacional tag-preservacaoaudiovisual\">\n\t\t\t<div class=\"elementor-post__card\">\n\t\t\t\t<a class=\"elementor-post__thumbnail__link\" href=\"https:\/\/abpa.annaerbetta.com\/index.php\/2022\/06\/27\/campanha-de-anuidade-abpa-2022\/\" ><div class=\"elementor-post__thumbnail\"><img loading=\"lazy\" decoding=\"async\" width=\"300\" height=\"145\" src=\"https:\/\/abpa.annaerbetta.com\/wp-content\/uploads\/2022\/06\/Campanha-de-anuidade-ABPA-2022-1-300x145.jpeg\" class=\"attachment-medium size-medium\" alt=\"\" srcset=\"https:\/\/abpa.annaerbetta.com\/wp-content\/uploads\/2022\/06\/Campanha-de-anuidade-ABPA-2022-1-300x145.jpeg 300w, https:\/\/abpa.annaerbetta.com\/wp-content\/uploads\/2022\/06\/Campanha-de-anuidade-ABPA-2022-1-1024x495.jpeg 1024w, https:\/\/abpa.annaerbetta.com\/wp-content\/uploads\/2022\/06\/Campanha-de-anuidade-ABPA-2022-1-768x371.jpeg 768w, https:\/\/abpa.annaerbetta.com\/wp-content\/uploads\/2022\/06\/Campanha-de-anuidade-ABPA-2022-1.jpeg 1073w\" sizes=\"auto, (max-width: 300px) 100vw, 300px\" \/><\/div><\/a>\n\t\t\t\t<div class=\"elementor-post__badge\">ABPA<\/div>\n\t\t\t\t<div class=\"elementor-post__text\">\n\t\t\t\t<h3 class=\"elementor-post__title\">\n\t\t\t<a href=\"https:\/\/abpa.annaerbetta.com\/index.php\/2022\/06\/27\/campanha-de-anuidade-abpa-2022\/\" >\n\t\t\t\tCampanha de anuidade ABPA 2022\t\t\t<\/a>\n\t\t<\/h3>\n\t\t\t\t<div class=\"elementor-post__excerpt\">\n\t\t\t<p>Est\u00e1 aberta nossa campanha de anuidade 2022! Convidamos os interessados e aos nossos membros  associados a renovarem o v\u00ednculo. Convidamos a todos a se juntarem a n\u00f3s nessa jornada pela preserva\u00e7\u00e3o audiovisual no Brasil!<\/p>\n\t\t<\/div>\n\t\t\t\t\t<a class=\"elementor-post__read-more\" href=\"https:\/\/abpa.annaerbetta.com\/index.php\/2022\/06\/27\/campanha-de-anuidade-abpa-2022\/\" >\n\t\t\t\tLer mais\t\t\t<\/a>\n\t\t\t\t<\/div>\n\t\t\t\t<div class=\"elementor-post__meta-data\">\n\t\t\t\t\t<span class=\"elementor-post-date\">\n\t\t\t06\/27\/2022\t\t<\/span>\n\t\t\t\t<span class=\"elementor-post-avatar\">\n\t\t\tNenhum coment\u00e1rio\t\t<\/span>\n\t\t\t\t<\/div>\n\t\t\t\t\t<\/div>\n\t\t<\/article>\n\t\t\t\t<article class=\"elementor-post elementor-grid-item post-2448 post type-post status-publish format-standard has-post-thumbnail hentry category-conferencias\">\n\t\t\t<div class=\"elementor-post__card\">\n\t\t\t\t<a class=\"elementor-post__thumbnail__link\" href=\"https:\/\/abpa.annaerbetta.com\/index.php\/2022\/06\/27\/conferencia-do-eye-filmmuseum\/\" ><div class=\"elementor-post__thumbnail\"><img loading=\"lazy\" decoding=\"async\" width=\"300\" height=\"167\" src=\"https:\/\/abpa.annaerbetta.com\/wp-content\/uploads\/2022\/06\/Confere\u0302ncia-do-Eye-Filmmuseum-1-300x167.jpeg\" class=\"attachment-medium size-medium\" alt=\"\" srcset=\"https:\/\/abpa.annaerbetta.com\/wp-content\/uploads\/2022\/06\/Confere\u0302ncia-do-Eye-Filmmuseum-1-300x167.jpeg 300w, https:\/\/abpa.annaerbetta.com\/wp-content\/uploads\/2022\/06\/Confere\u0302ncia-do-Eye-Filmmuseum-1-1024x568.jpeg 1024w, https:\/\/abpa.annaerbetta.com\/wp-content\/uploads\/2022\/06\/Confere\u0302ncia-do-Eye-Filmmuseum-1-768x426.jpeg 768w, https:\/\/abpa.annaerbetta.com\/wp-content\/uploads\/2022\/06\/Confere\u0302ncia-do-Eye-Filmmuseum-1.jpeg 1072w\" sizes=\"auto, (max-width: 300px) 100vw, 300px\" \/><\/div><\/a>\n\t\t\t\t<div class=\"elementor-post__badge\">Confer\u00eancias<\/div>\n\t\t\t\t<div class=\"elementor-post__text\">\n\t\t\t\t<h3 class=\"elementor-post__title\">\n\t\t\t<a href=\"https:\/\/abpa.annaerbetta.com\/index.php\/2022\/06\/27\/conferencia-do-eye-filmmuseum\/\" >\n\t\t\t\tConfer\u00eancia do Eye Filmmuseum\t\t\t<\/a>\n\t\t<\/h3>\n\t\t\t\t<div class=\"elementor-post__excerpt\">\n\t\t\t<p>Membros da diretoria e associados e associadas da ABPA paerticiparam da 7a. Confer\u00eancia Internacional do Eye Filmmuseum, em Amsterd\u00e3, na Holanda.<\/p>\n\t\t<\/div>\n\t\t\t\t\t<a class=\"elementor-post__read-more\" href=\"https:\/\/abpa.annaerbetta.com\/index.php\/2022\/06\/27\/conferencia-do-eye-filmmuseum\/\" >\n\t\t\t\tLer mais\t\t\t<\/a>\n\t\t\t\t<\/div>\n\t\t\t\t<div class=\"elementor-post__meta-data\">\n\t\t\t\t\t<span class=\"elementor-post-date\">\n\t\t\t06\/27\/2022\t\t<\/span>\n\t\t\t\t<span class=\"elementor-post-avatar\">\n\t\t\tNenhum coment\u00e1rio\t\t<\/span>\n\t\t\t\t<\/div>\n\t\t\t\t\t<\/div>\n\t\t<\/article>\n\t\t\t\t<article class=\"elementor-post elementor-grid-item post-2445 post type-post status-publish format-standard has-post-thumbnail hentry category-eventos\">\n\t\t\t<div class=\"elementor-post__card\">\n\t\t\t\t<a class=\"elementor-post__thumbnail__link\" href=\"https:\/\/abpa.annaerbetta.com\/index.php\/2022\/06\/27\/brazilian-cinema-night\/\" ><div class=\"elementor-post__thumbnail\"><img loading=\"lazy\" decoding=\"async\" width=\"300\" height=\"163\" src=\"https:\/\/abpa.annaerbetta.com\/wp-content\/uploads\/2022\/06\/Brazilian-Cinema-Night-1-300x163.jpeg\" class=\"attachment-medium size-medium\" alt=\"\" srcset=\"https:\/\/abpa.annaerbetta.com\/wp-content\/uploads\/2022\/06\/Brazilian-Cinema-Night-1-300x163.jpeg 300w, https:\/\/abpa.annaerbetta.com\/wp-content\/uploads\/2022\/06\/Brazilian-Cinema-Night-1-1024x558.jpeg 1024w, https:\/\/abpa.annaerbetta.com\/wp-content\/uploads\/2022\/06\/Brazilian-Cinema-Night-1-768x418.jpeg 768w, https:\/\/abpa.annaerbetta.com\/wp-content\/uploads\/2022\/06\/Brazilian-Cinema-Night-1.jpeg 1072w\" sizes=\"auto, (max-width: 300px) 100vw, 300px\" \/><\/div><\/a>\n\t\t\t\t<div class=\"elementor-post__badge\">Eventos<\/div>\n\t\t\t\t<div class=\"elementor-post__text\">\n\t\t\t\t<h3 class=\"elementor-post__title\">\n\t\t\t<a href=\"https:\/\/abpa.annaerbetta.com\/index.php\/2022\/06\/27\/brazilian-cinema-night\/\" >\n\t\t\t\tBrazilian Cinema Night\t\t\t<\/a>\n\t\t<\/h3>\n\t\t\t\t<div class=\"elementor-post__excerpt\">\n\t\t\t<p>Foi realizada no dia 1 de junho, \u00e0s 20h, em Amsterd\u00e3, o evento Brazilian Cinema Night, uma programa\u00e7\u00e3o de curtas brasileiros com curadoria de D\u00e9bora Butruce e Lila Foster, a fim de celebrar o patrim\u00f4nio audiovisual brasileiro. <\/p>\n\t\t<\/div>\n\t\t\t\t\t<a class=\"elementor-post__read-more\" href=\"https:\/\/abpa.annaerbetta.com\/index.php\/2022\/06\/27\/brazilian-cinema-night\/\" >\n\t\t\t\tLer mais\t\t\t<\/a>\n\t\t\t\t<\/div>\n\t\t\t\t<div class=\"elementor-post__meta-data\">\n\t\t\t\t\t<span class=\"elementor-post-date\">\n\t\t\t06\/27\/2022\t\t<\/span>\n\t\t\t\t<span class=\"elementor-post-avatar\">\n\t\t\tNenhum coment\u00e1rio\t\t<\/span>\n\t\t\t\t<\/div>\n\t\t\t\t\t<\/div>\n\t\t<\/article>\n\t\t\t\t<\/div>\n\n\n\t\t\n\t\t\t\t<\/div>\n\t\t\t\t<\/div>\n\t\t\t\t<div class=\"elementor-element elementor-element-1b8c01a elementor-align-center elementor-tablet-align-center elementor-mobile-align-center elementor-widget-mobile__width-inherit elementor-widget elementor-widget-button\" data-id=\"1b8c01a\" data-element_type=\"widget\" data-widget_type=\"button.default\">\n\t\t\t\t<div class=\"elementor-widget-container\">\n\t\t\t\t\t<div class=\"elementor-button-wrapper\">\n\t\t\t<a href=\"https:\/\/abpa.annaerbetta.com\/index.php\/noticias-mais-antigas\/\" class=\"elementor-button-link elementor-button elementor-size-md\" role=\"button\">\n\t\t\t\t\t\t<span class=\"elementor-button-content-wrapper\">\n\t\t\t\t\t\t\t<span class=\"elementor-button-icon elementor-align-icon-right\">\n\t\t\t\t<svg xmlns=\"http:\/\/www.w3.org\/2000\/svg\" width=\"43\" height=\"41\" viewBox=\"0 0 43 41\" fill=\"none\"><path d=\"M33 27.7695L41 19.8562L33 11.9429\" stroke=\"white\" stroke-width=\"1.5\" stroke-linecap=\"square\"><\/path><line opacity=\"0.5\" x1=\"0.5\" y1=\"0.5\" x2=\"0.499998\" y2=\"39.5714\" stroke=\"white\" stroke-linecap=\"square\"><\/line><\/svg>\t\t\t<\/span>\n\t\t\t\t\t\t<span class=\"elementor-button-text\">Mais antigas<\/span>\n\t\t<\/span>\n\t\t\t\t\t<\/a>\n\t\t<\/div>\n\t\t\t\t<\/div>\n\t\t\t\t<\/div>\n\t\t\t\t\t<\/div>\n\t\t<\/div>\n\t\t\t\t\t\t\t<\/div>\n\t\t<\/section>\n\t\t\t\t\t\t\t<\/div>\n\t\t","protected":false},"excerpt":{"rendered":"<p>Mais antigas<\/p>\n","protected":false},"author":1,"featured_media":0,"parent":0,"menu_order":0,"comment_status":"closed","ping_status":"closed","template":"","meta":{"footnotes":""},"class_list":["post-595","page","type-page","status-publish","hentry"],"_links":{"self":[{"href":"https:\/\/abpa.annaerbetta.com\/index.php\/wp-json\/wp\/v2\/pages\/595","targetHints":{"allow":["GET"]}}],"collection":[{"href":"https:\/\/abpa.annaerbetta.com\/index.php\/wp-json\/wp\/v2\/pages"}],"about":[{"href":"https:\/\/abpa.annaerbetta.com\/index.php\/wp-json\/wp\/v2\/types\/page"}],"author":[{"embeddable":true,"href":"https:\/\/abpa.annaerbetta.com\/index.php\/wp-json\/wp\/v2\/users\/1"}],"replies":[{"embeddable":true,"href":"https:\/\/abpa.annaerbetta.com\/index.php\/wp-json\/wp\/v2\/comments?post=595"}],"version-history":[{"count":226,"href":"https:\/\/abpa.annaerbetta.com\/index.php\/wp-json\/wp\/v2\/pages\/595\/revisions"}],"predecessor-version":[{"id":2460,"href":"https:\/\/abpa.annaerbetta.com\/index.php\/wp-json\/wp\/v2\/pages\/595\/revisions\/2460"}],"wp:attachment":[{"href":"https:\/\/abpa.annaerbetta.com\/index.php\/wp-json\/wp\/v2\/media?parent=595"}],"curies":[{"name":"wp","href":"https:\/\/api.w.org\/{rel}","templated":true}]}}